{"id":80,"date":"2022-01-31T09:55:46","date_gmt":"2022-01-31T09:55:46","guid":{"rendered":"https:\/\/invesis.localhost\/impressum\/"},"modified":"2022-07-29T09:31:43","modified_gmt":"2022-07-29T09:31:43","slug":"impressum","status":"publish","type":"page","link":"https:\/\/www.invesis.com\/de\/impressum\/","title":{"rendered":"Impressum"},"content":{"rendered":"<p>Nachfolgend finden Sie die Pflichtangaben gem\u00e4\u00df Telemediengesetz (TMG) und der Dienstleistungs-Informationspflichten-Verordnung (DL-InfoV):<\/p>\n<h2>Verantwortlich f\u00fcr den Inhalt:<\/h2>\n<p>Invesis Group B.V.<br \/>\nRegulierenring 35<br \/>\n3981 LA Bunnik<br \/>\nNiederlande<\/p>\n<h2>Vertretungsberechtigt:<\/h2>\n<p>Kieron Meade, Director<br \/>\nChris Williams, Director<br \/>\nDie Vertretungsberechtigten sind gesch\u00e4ftsans\u00e4ssig unter der Anschrift der Invesis Group B.V.<\/p>\n<h2>Kontakt:<\/h2>\n<p>E-Mail: <a href=\"mailto:info@invesis.com\">info@invesis.com<\/a><br \/>\nTelefon: +31 (0)30 659 86 15<\/p>\n<h2>Weitere Pflichtangaben:<\/h2>\n<p>Invesis Group B.V. ist im niederl\u00e4ndischen Handelsregister, gef\u00fchrt bei der niederl\u00e4ndischen Handelskammer, unter der Nummer 30200530 registriert.<br \/>\nNiederl\u00e4ndische Umsatzsteueridentifikationsnummer (USt.-ID): NL8138.78.639.B01<\/p>\n<h2>Au\u00dfergerichtliche Streitbeilegung:<\/h2>\n<p>Wir sind nicht bereit oder verpflichtet, an Streitbeilegungsverfahren vor einer Verbraucherschlichtungsstelle teilzunehmen. Das Gesetz \u00fcber die alternative Streitbeilegung in Verbrauchersachen (VSBG) fordert aber, dass wir Sie trotzdem auf eine f\u00fcr Sie zust\u00e4ndige Verbraucherschlichtungsstelle hinweisen. Die Europ\u00e4ische Online-Streitbeilegungs-Plattform der Europ\u00e4ischen Kommission finden Sie unter <a href=\"http:\/\/www.ec.europa.eu\/consumers\/odr\" target=\"_blank\" rel=\"noopener\">www.ec.europa.eu\/consumers\/odr<\/a>.<\/p>\n<h2>Urheber- und Leistungsschutzrechte:<\/h2>\n<p>Die auf dieser Website ver\u00f6ffentlichten Inhalte unterliegen Urheber- und Leistungsschutzrechten, die entweder uns als dem Anbieter der Website oder Dritten zustehen. Dazu k\u00f6nnen insbesondere auch Bilder z\u00e4hlen. Jede von uns oder dem jeweiligen Rechtsinhaber nicht ausdr\u00fccklich zugelassene Verwertung der Inhalte dieser Website bedarf der vorherigen schriftlichen Zustimmung von uns oder des jeweiligen Rechteinhabers. Dies gilt insbesondere f\u00fcr Vervielf\u00e4ltigung, Bearbeitung, \u00dcbersetzung, Einspeicherung, Verarbeitung bzw. Wiedergabe von Inhalten in Datenbanken oder anderen elektronischen Medien und Systemen. Inhalte und Rechte Dritter sind dabei als solche gekennzeichnet.<\/p>\n<p>Die unerlaubte Vervielf\u00e4ltigung oder Weitergabe einzelner Inhalte oder kompletter Seiten ist nicht gestattet und kann strafbar sein. Lediglich die Herstellung von Kopien und Downloads f\u00fcr den pers\u00f6nlichen, privaten und nicht kommerziellen Gebrauch ist erlaubt.<\/p>\n<h2>Mediennachweis und Bildquellen:<\/h2>\n<p>F\u00fcr die verwendeten Bilder und Grafiken k\u00f6nnen folgende Quellenangaben gemacht werden:<\/p>\n<p>Stock Fotos: die so gekennzeichneten Inhalte lizensieren wir entweder von der Bildagentur iStock oder direkt von den Rechteinhabern. Die einschl\u00e4gige Lizenzvereinbarung von iStock (dort: Ziff. 7) kann hier eingesehen werden: <a href=\"https:\/\/www.istockphoto.com\/legal\/license-agreement\" target=\"_blank\" rel=\"noopener\">https:\/\/www.istockphoto.com\/legal\/license-agreement<\/a><\/p>\n<p>Unsere Mitarbeiter werden mit deren Einwilligung abgebildet.<\/p>\n<p>Einzelne Bilder: siehe folgende Tabelle.<\/p>\n<table>\n<tbody>\n<tr>\n<td><strong>Seitentitel<\/strong><\/td>\n<td><strong>Quelle<\/strong><\/td>\n<\/tr>\n<tr>\n<td>Homepage<\/td>\n<td>Stock Foto<\/p>\n<p>Fotos zu Projekten \u2013 siehe \u201cUnsere Projekte\u201d<\/td>\n<\/tr>\n<tr>\n<td>Wer wir sind<\/td>\n<td>Stock Foto<\/p>\n<p>Anna Henly Photography<br \/>\nFotos von Mitarbeitern \u2013 siehe Anmerkung oben<\/td>\n<\/tr>\n<tr>\n<td>Was wir tun<\/td>\n<td>Stock Foto \u2013 siehe Anmerkung oben<\/p>\n<p>Fotos zu Projekten \u2013 siehe \u201cUnsere Projekte\u201d<\/p>\n<p>Fotos von Mitarbeitern \u2013 siehe Anmerkung oben<\/td>\n<\/tr>\n<tr>\n<td>Unsere Mitarbeiter<\/td>\n<td>Scotland &#8211; McAteer Photograph<\/p>\n<p>Netherlands &#8211; Gerard de Graff<\/p>\n<p>Ireland &#8211; TonyGMurray Photography<\/p>\n<p>Belgium &#8211; Dries Van den Brande<\/p>\n<p>Germany \u2013 Dominik Buschardt, Christiane Podkowa \u2013 Emma Das Foto Studio, J\u00fcrgen Scholten \u2013 Portr\u00e4tfotografie, SoulPicture \u2013 K\u00f6nig &amp; V\u00f6lker GbR<\/td>\n<\/tr>\n<tr>\n<td>Unsere Projekte<\/td>\n<td>Afsluitdijk \u2013 Levvel Konsortium und Rijkswaterstaat<\/p>\n<p>Lock IJmuiden \u2013 OpenIJ Konsortium und Rijkswaterstaat<\/p>\n<p>Silvertown Tunnel &#8211; Riverlinx Konsortium<\/p>\n<p>Cross River Rail \u2013 Pulse Konsortium<\/p>\n<p>Derby Police HQ, East Ayrshire Community Hospital, Peacehaven Schools, Dalkeith Community Schools &#8211; Brian Borrett<\/p>\n<p>High Speed Line, Zuid \u2013 InfraSpeed, RWS und Ton Poortvliet.<\/p>\n<p>Cheshire Police HQ, Wharfedale Hospital &#8211; Brian Borrett<\/p>\n<p>A59 Motorway \u2013 Poort van den Bosch<\/p>\n<p>Crawley Schools &#8211; Brian Borrett<\/p>\n<p>M1 Dundalk &#8211; BAM Ireland<\/p>\n<p>Bristol Schools, Bromsgrove Schools &#8211; Brian Borrett<\/p>\n<p>N25 Waterford Bypass &#8211; BAM Ireland<\/p>\n<p>A8 Motorway \u2013 Autobahnplus A8 consortium<\/p>\n<p>Solihull Schools &#8211; Brian Borrett)<\/p>\n<p>M7\/M8 Portlaoise &#8211; BAM Ireland<\/p>\n<p>West Dunbartonshire Schools &#8211; Brian Borrett<\/p>\n<p>Liefkenshoek Railway \u2013 Locorail consortium<\/p>\n<p>Potsdam Parliament \u2013 Invesis colleagues<\/p>\n<p>Ghent Student Accommodation \u2013 Invesis colleagues<\/p>\n<p>Somerset Schools &#8211; Brian Borrett<br \/>\nA12 Utrecht Lunetten to Veenendaal \u2013 Poort van Bunnik consortium<\/p>\n<p>Bremervoerde Prison \u2013 Invesis colleagues<\/p>\n<p>Camden Schools &#8211;\u00a0Brian Borrett<\/p>\n<p>Beveren Prison \u2013 BAM Belgium<\/p>\n<p>Dendermonde Prison \u2013 BAM Belgium<\/p>\n<p>A9 Road \u2013 Via Gateway Thuringen consortium<\/p>\n<p>N33 Road \u2013 Poort van Noord<\/p>\n<p>Thomas Bennett &#8211;\u00a0Brian Borrett<\/p>\n<p>N31 Carriageway \u2013 Waldwei<\/p>\n<p>N25 New Ross Bypass \u2013 BAM Ireland<\/p>\n<p>M11 Gorey to Enniscorthy &#8211; Neil Warner Photography<\/p>\n<p>Schools Bundle 4 \u2013 BAM Ireland<\/p>\n<p>University Hospital Germany &#8211; UKSH GmbH<\/p>\n<p>Irish Courts &#8211; Neil Warner<\/p>\n<p>A94 \u2013 A94 isentalautobahn<\/p>\n<p>East Renfrewshire Schools \u2013 Anna Henly Photography, Brian Borrett<\/p>\n<p>Brabo 2 &#8211; BAM Contractors, Dries Van den Brande<\/p>\n<p>N11\/N7 Arklow to Rathnew \u2013 BAM Contractors<\/p>\n<p>Rijnstraat 8 \u2013 PoortCentraal consortium<\/p>\n<p>Schools Bundle 3 &#8211; Neil Warner Photography<\/p>\n<p>Supreme Court \u2013 KAAN Architecten.<\/td>\n<\/tr>\n<tr>\n<td>Karriere<\/td>\n<td>Fotos von Mitarbeitern \u2013 siehe Anmerkung oben<\/p>\n<p>Stock Foto \u2013 siehe Anmerkung oben<\/td>\n<\/tr>\n<tr>\n<td>Ressourcen<\/td>\n<td>Projekt Fotos \u2013 siehe \u201cUnsere Projekte\u201d<\/p>\n<p>Stock Foto \u2013 siehe Anmerkung oben<\/td>\n<\/tr>\n<tr>\n<td>Kontakt<\/td>\n<td>Stock Foto \u2013 siehe Anmerkung oben<\/td>\n<\/tr>\n<\/tbody>\n<\/table>\n<p>&nbsp;<\/p>\n<p>&nbsp;<\/p>\n","protected":false},"excerpt":{"rendered":"<p>Nachfolgend finden Sie die Pflichtangaben gem\u00e4\u00df Telemediengesetz (TMG) und der Dienstleistungs-Informationspflichten-Verordnung (DL-InfoV): Verantwortlich f\u00fcr den Inhalt: Invesis Group B.V. Regulierenring 35 3981 LA Bunnik Niederlande Vertretungsberechtigt: Kieron Meade, Director Chris &hellip; <a href=\"https:\/\/www.invesis.com\/de\/impressum\/\">Continued<\/a><\/p>\n","protected":false},"author":1,"featured_media":0,"parent":0,"menu_order":100,"comment_status":"closed","ping_status":"closed","template":"","meta":{"_acf_changed":false,"footnotes":""},"class_list":["post-80","page","type-page","status-publish","hentry"],"acf":[],"yoast_head":"<!-- This site is optimized with the Yoast SEO plugin v27.3 - https:\/\/yoast.com\/product\/yoast-seo-wordpress\/ -->\n<title>Impressum | Invesis<\/title>\n<meta name=\"robots\" content=\"index, follow, max-snippet:-1, max-image-preview:large, max-video-preview:-1\" \/>\n<link rel=\"canonical\" href=\"https:\/\/www.invesis.com\/de\/impressum\/\" \/>\n<meta property=\"og:locale\" content=\"de_DE\" \/>\n<meta property=\"og:type\" content=\"article\" \/>\n<meta property=\"og:title\" content=\"Impressum | Invesis\" \/>\n<meta property=\"og:description\" content=\"Nachfolgend finden Sie die Pflichtangaben gem\u00e4\u00df Telemediengesetz (TMG) und der Dienstleistungs-Informationspflichten-Verordnung (DL-InfoV): Verantwortlich f\u00fcr den Inhalt: Invesis Group B.V. Regulierenring 35 3981 LA Bunnik Niederlande Vertretungsberechtigt: Kieron Meade, Director Chris &hellip; Continued\" \/>\n<meta property=\"og:url\" content=\"https:\/\/www.invesis.com\/de\/impressum\/\" \/>\n<meta property=\"og:site_name\" content=\"Invesis\" \/>\n<meta property=\"article:modified_time\" content=\"2022-07-29T09:31:43+00:00\" \/>\n<meta name=\"twitter:card\" content=\"summary_large_image\" \/>\n<meta name=\"twitter:label1\" content=\"Gesch\u00e4tzte Lesezeit\" \/>\n\t<meta name=\"twitter:data1\" content=\"3\u00a0Minuten\" \/>\n<script type=\"application\/ld+json\" class=\"yoast-schema-graph\">{\"@context\":\"https:\\\/\\\/schema.org\",\"@graph\":[{\"@type\":\"WebPage\",\"@id\":\"https:\\\/\\\/www.invesis.com\\\/de\\\/impressum\\\/\",\"url\":\"https:\\\/\\\/www.invesis.com\\\/de\\\/impressum\\\/\",\"name\":\"Impressum | Invesis\",\"isPartOf\":{\"@id\":\"https:\\\/\\\/www.invesis.com\\\/#website\"},\"datePublished\":\"2022-01-31T09:55:46+00:00\",\"dateModified\":\"2022-07-29T09:31:43+00:00\",\"breadcrumb\":{\"@id\":\"https:\\\/\\\/www.invesis.com\\\/de\\\/impressum\\\/#breadcrumb\"},\"inLanguage\":\"de\",\"potentialAction\":[{\"@type\":\"ReadAction\",\"target\":[\"https:\\\/\\\/www.invesis.com\\\/de\\\/impressum\\\/\"]}]},{\"@type\":\"BreadcrumbList\",\"@id\":\"https:\\\/\\\/www.invesis.com\\\/de\\\/impressum\\\/#breadcrumb\",\"itemListElement\":[{\"@type\":\"ListItem\",\"position\":1,\"name\":\"Home\",\"item\":\"https:\\\/\\\/www.invesis.com\\\/de\\\/\"},{\"@type\":\"ListItem\",\"position\":2,\"name\":\"Impressum\"}]},{\"@type\":\"WebSite\",\"@id\":\"https:\\\/\\\/www.invesis.com\\\/#website\",\"url\":\"https:\\\/\\\/www.invesis.com\\\/\",\"name\":\"Invesis\",\"description\":\"\",\"potentialAction\":[{\"@type\":\"SearchAction\",\"target\":{\"@type\":\"EntryPoint\",\"urlTemplate\":\"https:\\\/\\\/www.invesis.com\\\/?s={search_term_string}\"},\"query-input\":{\"@type\":\"PropertyValueSpecification\",\"valueRequired\":true,\"valueName\":\"search_term_string\"}}],\"inLanguage\":\"de\"}]}<\/script>\n<!-- \/ Yoast SEO plugin. -->","yoast_head_json":{"title":"Impressum | Invesis","robots":{"index":"index","follow":"follow","max-snippet":"max-snippet:-1","max-image-preview":"max-image-preview:large","max-video-preview":"max-video-preview:-1"},"canonical":"https:\/\/www.invesis.com\/de\/impressum\/","og_locale":"de_DE","og_type":"article","og_title":"Impressum | Invesis","og_description":"Nachfolgend finden Sie die Pflichtangaben gem\u00e4\u00df Telemediengesetz (TMG) und der Dienstleistungs-Informationspflichten-Verordnung (DL-InfoV): Verantwortlich f\u00fcr den Inhalt: Invesis Group B.V. Regulierenring 35 3981 LA Bunnik Niederlande Vertretungsberechtigt: Kieron Meade, Director Chris &hellip; Continued","og_url":"https:\/\/www.invesis.com\/de\/impressum\/","og_site_name":"Invesis","article_modified_time":"2022-07-29T09:31:43+00:00","twitter_card":"summary_large_image","twitter_misc":{"Gesch\u00e4tzte Lesezeit":"3\u00a0Minuten"},"schema":{"@context":"https:\/\/schema.org","@graph":[{"@type":"WebPage","@id":"https:\/\/www.invesis.com\/de\/impressum\/","url":"https:\/\/www.invesis.com\/de\/impressum\/","name":"Impressum | Invesis","isPartOf":{"@id":"https:\/\/www.invesis.com\/#website"},"datePublished":"2022-01-31T09:55:46+00:00","dateModified":"2022-07-29T09:31:43+00:00","breadcrumb":{"@id":"https:\/\/www.invesis.com\/de\/impressum\/#breadcrumb"},"inLanguage":"de","potentialAction":[{"@type":"ReadAction","target":["https:\/\/www.invesis.com\/de\/impressum\/"]}]},{"@type":"BreadcrumbList","@id":"https:\/\/www.invesis.com\/de\/impressum\/#breadcrumb","itemListElement":[{"@type":"ListItem","position":1,"name":"Home","item":"https:\/\/www.invesis.com\/de\/"},{"@type":"ListItem","position":2,"name":"Impressum"}]},{"@type":"WebSite","@id":"https:\/\/www.invesis.com\/#website","url":"https:\/\/www.invesis.com\/","name":"Invesis","description":"","potentialAction":[{"@type":"SearchAction","target":{"@type":"EntryPoint","urlTemplate":"https:\/\/www.invesis.com\/?s={search_term_string}"},"query-input":{"@type":"PropertyValueSpecification","valueRequired":true,"valueName":"search_term_string"}}],"inLanguage":"de"}]}},"_links":{"self":[{"href":"https:\/\/www.invesis.com\/de\/wp-json\/wp\/v2\/pages\/80","targetHints":{"allow":["GET"]}}],"collection":[{"href":"https:\/\/www.invesis.com\/de\/wp-json\/wp\/v2\/pages"}],"about":[{"href":"https:\/\/www.invesis.com\/de\/wp-json\/wp\/v2\/types\/page"}],"author":[{"embeddable":true,"href":"https:\/\/www.invesis.com\/de\/wp-json\/wp\/v2\/users\/1"}],"replies":[{"embeddable":true,"href":"https:\/\/www.invesis.com\/de\/wp-json\/wp\/v2\/comments?post=80"}],"version-history":[{"count":0,"href":"https:\/\/www.invesis.com\/de\/wp-json\/wp\/v2\/pages\/80\/revisions"}],"wp:attachment":[{"href":"https:\/\/www.invesis.com\/de\/wp-json\/wp\/v2\/media?parent=80"}],"curies":[{"name":"wp","href":"https:\/\/api.w.org\/{rel}","templated":true}]}}